{"id":24,"date":"2020-01-05T16:47:59","date_gmt":"2020-01-05T16:47:59","guid":{"rendered":"https:\/\/werner.nico-wehnemann.de\/?page_id=24"},"modified":"2026-03-06T18:37:15","modified_gmt":"2026-03-06T17:37:15","slug":"texte-zu-bewegungsfragen","status":"publish","type":"page","link":"https:\/\/www.werner-raetz.de\/?page_id=24","title":{"rendered":"Texte zu Bewegungsfragen"},"content":{"rendered":"<div id=\"con-mitte-left\">\n<div id=\"c682\" class=\"csc-default\">\n<ul>\n<li><a href=\"http:\/\/www.werner-raetz.de\/wp-content\/uploads\/2022\/02\/Die-Europaeische-Buergerinitiative-bedingungslose-Grundeinkommen.pdf\"><strong>Die Europ\u00e4ische B\u00fcrgerinitiative bedingungslose Grundeinkommen<\/strong><\/a>\u00a0macht weitere Fortschritte, wenn auch langsam. Newsletter Nr. 17 der AG genug f\u00fcr alle, Februar 2022<\/li>\n<li><a href=\"http:\/\/www.werner-raetz.de\/wp-content\/uploads\/2021\/11\/450Globalisierungskritik-k1_wr.pdf\"><strong>Aufbr\u00fcche, Schw\u00e4chen und neue Herausforderungen<\/strong>.<\/a> <span style=\"font-family: Times New Roman, Times New Roman PS, serif;\">Ab den 90er-Jahren und vor allem nach der Jahrtausendwende standen die globalisierungskritischen Bewegungen eine Zeitlang im Fokus des \u00f6ffentlichen und insbesondere des linken Interesses. Interview ila &#8211; Zeitschrift der Informationsstelle Lateinmaeika Nr. 450 November 2021 (Zusammen mit Uli Brand, Friederike Habermann und Martin Konency)<\/span><\/li>\n<li>Es gibt einen <strong><a href=\"http:\/\/www.werner-raetz.de\/wp-content\/uploads\/2021\/08\/kein-appell-an-akk.pdf\">Appell an die Kriegsministerin<\/a><\/strong>, den Gro\u00dfen Zapfenstreich abzusagen, mit dem Soldaten aus Afghanistan geehrt werden sollen. Mehrere enge Freund*innen haben gebten, den zu unterschreiben. Ich habe das abglehnt und so brgr\u00fcndet:<\/li>\n<li><strong><a href=\"http:\/\/www.werner-raetz.de\/wp-content\/uploads\/2021\/07\/Unvereinbarkeiten.pdf\">Unvereinbarkeiten<\/a>. <\/strong>Interessant an deiner Kritik ist die Vermutung, eine klare Haltung gegen rechtsau\u00dfen mache es unm\u00f6glich, \u201eeine Frage, eine Forderung, oder eine Kritik &#8230; vorzubringen und zu vertreten&#8220;, wenn etwas \u201e\u00e4hnliches\u201c auch \u201evon der anderen Seite\u201c vertreten werde. (aus einer Maildebatte im Rat von Attac D Juli 2021)<\/li>\n<li><strong><a href=\"http:\/\/www.werner-raetz.de\/wp-content\/uploads\/2021\/05\/beifall-von-rechts.pdf\">Beifall von rechts?<\/a><\/strong> Jeder politisch denkende Mensch hat es selbst in der Hand, ob er von Rechtsradikalen Zustimmung bekommt oder nicht. Attac-Maildebatte Mai 2021<\/li>\n<li><a href=\"http:\/\/www.werner-raetz.de\/wp-content\/uploads\/2021\/02\/Corona-Abgrenzung.pdf\"><strong>Coronama\u00dfnahmen: Abgrenzung nach Rechts?<\/strong><\/a>\u00a0Auch wenn es sich sowohl bei der Abgrenzung nach Rechts wie bei der Coronadebatte um stark emotional besetzte Themen handelt und das manchen schrillen Ton erkl\u00e4ren mag, ist es keinerlei Kunstst\u00fcck, emanzipatorische Kritik am Coronamanagement der Regierungen von rechten Interventionen oder gar verschw\u00f6rungsideologischem Gedrisse zu unterscheiden. Maildebatte Attac D am 27.2.2021<\/li>\n<li><a href=\"http:\/\/www.werner-raetz.de\/wp-content\/uploads\/2021\/02\/EBI-VI.pdf\"><strong>EBI in der EU und Krankenh\u00e4user in NRW<\/strong><\/a>. Eine Posse um Volksinitiativen in NRW im\u00a0 Februar 2021<\/li>\n<li><a href=\"http:\/\/www.werner-raetz.de\/wp-content\/uploads\/2021\/01\/selbst-sch\u00fctzen.pdf\"><strong>(Wie) k\u00f6nnen wir uns selbst sch\u00fctzen? <\/strong><\/a>Diskussionsbeitrag zu NRW-Innenminister Reuls Vorsto\u00df f\u00fcr die Wiederbelebung des Landfriedensbruchsparagrafen am 10.12.2020<\/li>\n<li><strong><a href=\"http:\/\/www.werner-raetz.de\/wp-content\/uploads\/2020\/07\/spaltungen.pdf\">Spaltungen<\/a><\/strong>; Beitrag zur Debatte des Attac-Kokreises bez\u00fcglich Lehren aus der Coronakrise, 1.7.2020<\/li>\n<li><strong><a href=\"https:\/\/politikorange.de\/2020\/06\/bewahrung-der-zivilgesellschaft-am-kuechentisch\/\">Regain civic space<\/a> \u2013 wie k\u00f6nnen wir Freir\u00e4ume bewahren oder zur\u00fcckbekommen?<\/strong> Podiumsdiskussion 26. Juni 2020 online<\/li>\n<li><a href=\"http:\/\/www.werner-raetz.de\/wp-content\/uploads\/2020\/04\/Krisenerz\u00e4hlung.pdf\"><strong>Der Normalzustand ist das Problem, nicht die Krise<\/strong><\/a>; Bericht und Diskussion zu B\u00fcndnisgespr\u00e4chen des Attac Kokreises angesichts der Coronakrise, 16.4.2020<\/li>\n<li><b><a href=\"http:\/\/www.werner-raetz.de\/wp-content\/uploads\/2020\/04\/BGE-in-der-Coronakrise.pdf\">BGE in der Coronakrise<\/a><\/b>. Zusammenfassung und erste Einsch\u00e4tzung diverser Diskussionsans\u00e4tze 8.4.2020<\/li>\n<li><strong><a href=\"http:\/\/www.werner-raetz.de\/wp-content\/uploads\/2020\/04\/bge-gegen-corona.pdf\">Bedingungsloses Grundeinkommen gegen Coronakrise?<\/a> <\/strong>Maildebatte am 1.4.2020<\/li>\n<li><strong><a href=\"http:\/\/www.werner-raetz.de\/wp-content\/uploads\/2020\/03\/krankenh\u00e4user-vergesellschaften.pdf\">Krankenh\u00e4user vergesellschaften<\/a><\/strong> ? Maildebatte am 24.3.2020<\/li>\n<li><b>Digitalisierung? Grundeinkommen. <\/b>Die\u00a0<b><a class=\"download\" title=\"Initiates file download\" href=\"http:\/\/localhost:8888\/wernerraetz\/typo3\/fileadmin\/user_upload\/Aktivist\/Texte\/digibgetour19.pdf\">DigiBGE19-Tournee<\/a><\/b>\u00a0Beitrag f\u00fcr\u00a0<a class=\"external-link-new-window\" title=\"Opens external link in new window\" href=\"https:\/\/www.grundeinkommen.de\/\" target=\"_blank\" rel=\"noopener noreferrer\">Grundeinkommen.de<\/a><b>\u00a0<\/b>Juni 2019<\/li>\n<li><b><\/b><a class=\"download\" title=\"Initiates file download\" href=\"http:\/\/localhost:8888\/wernerraetz\/typo3\/fileadmin\/user_upload\/Aktivist\/Texte\/PolGesNRW_rede_30_6_18.pdf\"><b>Die Repression gegen die politische Linke ist nicht neu.\u00a0<\/b><\/a>Redebeitrag auf der Demo gegen das geplante Polizeigesetz in NRW am 30. Juni 2018 in Bonn<\/li>\n<li><b>Die Gipfelproteste in Hamburg<\/b>. Global gercht statt G20! Frankfurt 2017<\/li>\n<li>*<a class=\"download\" title=\"Initiates file download\" href=\"http:\/\/localhost:8888\/wernerraetz\/typo3\/fileadmin\/user_upload\/Aktivist\/Texte\/g20_einleitung.pdf\">\u00a0Wir in Geschichte<\/a>\u00a0(zusammen mit Jule Axmann)<\/li>\n<li>*<a class=\"download\" title=\"Initiates file download\" href=\"http:\/\/localhost:8888\/wernerraetz\/typo3\/fileadmin\/user_upload\/Aktivist\/Texte\/Attac-in-den-Protesten.pdf\">\u00a0Gemeinsam!<\/a>\u00a0Zum Prozess der B\u00fcndnisbildung (Zusammen mit Thomas Eberhardt-K\u00f6ster)<\/li>\n<li>*\u00a0<a class=\"download\" title=\"Initiates file download\" href=\"http:\/\/localhost:8888\/wernerraetz\/typo3\/fileadmin\/user_upload\/Aktivist\/Texte\/g20___protestgeschichte.pdf\">Die erste Bresche?<\/a> G20-Proteste im historischen Kontext<\/li>\n<\/ul>\n<\/div>\n<\/div>\n<div id=\"con-mitte-left\">\n<div id=\"c644\" class=\"csc-default\">\n<ul>\n<li><b><a class=\"download\" title=\"Initiates file download\" href=\"http:\/\/localhost:8888\/wernerraetz\/typo3\/fileadmin\/user_upload\/Aktivist\/Texte\/G20_Auswertung_interview_attac_rb_4_17.pdf\">Alles andere als bewegungsfreundlich<\/a><\/b>. Auf dem G20-Gipfel in Hamburg wurden die Grundrechte der Demokratie massiv eingeschr\u00e4nkt; Interview Attac-Rundbrief 4\/2017<\/li>\n<li><a class=\"external-link-new-window\" title=\"Opens external link in new window\" href=\"http:\/\/www.schattenblick.de\/infopool\/politik\/report\/prin0383.html\" target=\"_blank\" rel=\"noopener noreferrer\"><strong>&#8230; auch wenn die Ratten das Schiff verlie\u00dfen ..<\/strong>.<\/a> Interview mit \u201eSchattenblick&#8220; zur Bewertung der G20-Proteste in Hamburg; September 2017<\/li>\n<li><a class=\"download\" title=\"Initiates file download\" href=\"http:\/\/localhost:8888\/wernerraetz\/typo3\/fileadmin\/user_upload\/Aktivist\/Texte\/Ergebnisse_g20_hh.pdf\"><b>Neoliberales Weiter-so<\/b><\/a>\u00a0Die Ergebnisse des G20-Gipfels bringen keine L\u00f6sungen f\u00fcr die globalen Probleme, Beitrag f\u00fcr Attac-Rundbrief 3\/2017 zusammen mit Alexis Passadakis<\/li>\n<li>G20-Gipfel in Hamburg &#8211;\u00a0<b><a class=\"download\" title=\"Initiates file download\" href=\"http:\/\/localhost:8888\/wernerraetz\/typo3\/fileadmin\/user_upload\/Aktivist\/Texte\/g20-ff_8_17.pdf\">Der Kampf um die Bilder und die K\u00f6pfe<\/a><\/b>\u00a0&#8230;..hatte schon die Tage in Hamburg gepr\u00e4gt. Leicht ver\u00e4nderte Fassung aus &#8222;Friedensforum&#8220; 5\/2017<\/li>\n<li><a class=\"download\" title=\"Initiates file download\" href=\"http:\/\/localhost:8888\/wernerraetz\/typo3\/fileadmin\/user_upload\/Aktivist\/Texte\/g20_hamburg_xing.pdf\"><b>Warum protestieren wir gegen das Treffen der G20 in Hamburg?\u00a0<\/b><\/a>Diskussionsbeitrag <a class=\"external-link-new-window\" title=\"Opens external link in new window\" href=\"https:\/\/www.xing.com\/news\/klartext\/man-konnte-glauben-hamburg-sei-ein-provinzkaff-1836\" target=\"_blank\" rel=\"noopener noreferrer\">\u201eKlartext<\/a>&#8220; 6.7.2017<\/li>\n<li><a class=\"download\" title=\"Initiates file download\" href=\"http:\/\/localhost:8888\/wernerraetz\/typo3\/fileadmin\/user_upload\/Aktivist\/Texte\/g20_verantwortung_xing.pdf\"><b>Die Beh\u00f6rden haben das Risiko systematisch ignoriert<\/b><\/a> Diskussionsbeitrag <a class=\"external-link-new-window\" title=\"Opens external link in new window\" href=\"https:\/\/www.xing.com\/news\/klartext\/die-behorden-haben-die-risiken-systematisch-ignoriert-1951\" target=\"_blank\" rel=\"noopener noreferrer\">\u201eKlartext<\/a>&#8220; 20.7.2017<\/li>\n<li>Leserbrief zu <a class=\"download\" title=\"Initiates file download\" href=\"http:\/\/localhost:8888\/wernerraetz\/typo3\/fileadmin\/user_upload\/Aktivist\/Texte\/g20_leserbrief_ha.pdf\">\u201eDie Schwarzen und die Linken<\/a>\u00a0&#8211; Wo bleibt die Distanz&#8220;, Hamburger Abendblatt 10.7.2017<\/li>\n<li><b>\u201eWir wollen unsere Bilder, unsere Inhalte, unsere Kritik auf die Stra\u00dfe bringen.\u201c<\/b><a class=\"download\" title=\"Initiates file download\" href=\"http:\/\/localhost:8888\/wernerraetz\/typo3\/fileadmin\/user_upload\/Aktivist\/Texte\/pm___antworten_g20_demo_8_7_17.pdf\">\u00a0Pressestatement und Antworten zur Demonstration<\/a>\u00a0\u201eGlobale Solidarit\u00e4t statt G20\u201c 8. Juli 2017<\/li>\n<li>\u201e<b>Wir sind uns \u00fcber den zivilisatorischen Minimalkonsens einig, wir sind uns auch in der Ablehnung der Vorg\u00e4nge im Schanzenviertel einig.\u201c<\/b> Warum l\u00e4dt man den schwarzen Block zur Demonstration \u201eGrenzenlose Solidarit\u00e4t statt G20&#8243; ein?\u00a0<a class=\"download\" title=\"Initiates file download\" href=\"http:\/\/localhost:8888\/wernerraetz\/typo3\/fileadmin\/user_upload\/Aktivist\/Texte\/g20_interview_zeit_8_7_17.pdf\"><b>Interview Die Zeit\u00a0<\/b><\/a>8.7.2017<\/li>\n<li><a class=\"download\" title=\"Initiates file download\" href=\"http:\/\/localhost:8888\/wernerraetz\/typo3\/fileadmin\/user_upload\/Aktivist\/Texte\/g20_abschaffen_BZ.pdf\"><b>Die G20 sollte abgeschafft werden<\/b><\/a>,\u00a0Interview Berliner Zeitung\/Frankfurter Rundschau 5.7.2017<\/li>\n<li><b><a class=\"download\" title=\"Initiates file download\" href=\"http:\/\/localhost:8888\/wernerraetz\/typo3\/fileadmin\/user_upload\/Aktivist\/Texte\/G20_Yeni_Hayat.pdf\">G20 = Ausbeutung &amp; Kriege<\/a><\/b>Interview f\u00fcr <a class=\"external-link-new-window\" title=\"Opens external link in new window\" href=\"http:\/\/www.yenihayat.de\/2017\/06\/28\/g20-ausbeutung-kriege\/\" target=\"_blank\" rel=\"noopener noreferrer\">\u201eYeni Hayat<\/a>\u00a0&#8211; Neues Leben&#8220;, die Zeitung von DIDF, der F\u00f6deration demokratischer Arbeitervereine; Juni 2017<\/li>\n<li>G20-Proteste: <a href=\"https:\/\/de.sputniknews.com\/panorama\/20170614316156701-g20-proteste-berechtigte-globalisierungskritik\/\"><strong>Berechtigte Globalisierungskritik oder blinder Aktionismus<\/strong><\/a>? Sputnik-News 14.6.2017<\/li>\n<li><b><a class=\"download\" title=\"Initiates file download\" href=\"http:\/\/localhost:8888\/wernerraetz\/typo3\/fileadmin\/user_upload\/Aktivist\/Texte\/g20_theorieblog_maerz.pdf\">G20 &#8211; Teil des Problems<\/a><\/b>, Beitrag im Attac-Theorieblog 3\/2017<\/li>\n<li><a class=\"download\" title=\"Initiates file download\" href=\"http:\/\/localhost:8888\/wernerraetz\/typo3\/fileadmin\/user_upload\/Aktivist\/Texte\/g20_friedensforum_januar.pdf\"><b>G 20. Die Welt ist aus den Fugen<\/b><\/a>&#8230; Artikel Friedensforum 2\/2017<\/li>\n<li><a class=\"download\" title=\"Initiates file download\" href=\"http:\/\/localhost:8888\/wernerraetz\/typo3\/fileadmin\/user_upload\/Aktivist\/Texte\/g20_nd_februar.pdf\"><b>G20: Teil des Problems<\/b><\/a>\u00a0Artikel im Neuen Deutschland vom 18.2.2017<\/li>\n<li><b><a class=\"download\" title=\"Initiates file download\" href=\"http:\/\/localhost:8888\/wernerraetz\/typo3\/fileadmin\/user_upload\/Aktivist\/Texte\/kirche_polizei_g20.pdf\">Kirche auf Seiten der Polizei<\/a>\u00a0und der staatlichen Ordnung<\/b>, Kommentarzur Zusammenarbeit von Pfarrern mit der Polizei im Vorfeld der G 20-Proteste in Hamburg, Dezember 2016<\/li>\n<li><a class=\"download\" title=\"Initiates file download\" href=\"http:\/\/localhost:8888\/wernerraetz\/typo3\/fileadmin\/user_upload\/Aktivist\/Texte\/Degrowth_in_Bewegungen_Hinweis.pdf\"><b>Degrowth in Bewegungen<\/b><\/a>; Hinweis auf ein Vernetzungs- und Lernprojekt, Oktober 2016<\/li>\n<li><a class=\"download\" title=\"Initiates file download\" href=\"http:\/\/localhost:8888\/wernerraetz\/typo3\/fileadmin\/user_upload\/Aktivist\/Texte\/Soziale_Sicherheit__bedingungslos_und_europaweit_.pdf\"><b>Soziale Sicherheit, bedingungslos und europaweit!<\/b><\/a>\u00a0Debattenbeitrag anl\u00e4sslich der &#8222;Gemeinsamen Positionierung&#8220; der Grundeinkommensgruppen zur EU, Juli 2016<\/li>\n<li><b>\u00dcberlegungen zu den M\u00f6glichkeiten von Blockupy<\/b>, Entwurf f\u00fcr die Attac-Projektgruppe Eurokrise Januar 2016<\/li>\n<li><a class=\"download\" title=\"Initiates file download\" href=\"http:\/\/localhost:8888\/wernerraetz\/typo3\/fileadmin\/user_upload\/Aktivist\/Texte\/griechenland_attac_rundbrief_4_15.pdf\"><b>An der Stra\u00dfe geht kein Weg vorbei<\/b><\/a>.\u00a0Griechenland und das Krisenmanagement der EU. Attac Rundbrief 4\/2015<\/li>\n<li><a class=\"download\" title=\"Initiates file download\" href=\"http:\/\/localhost:8888\/wernerraetz\/typo3\/fileadmin\/user_upload\/Aktivist\/Texte\/blockupy_interview_runbrief_April_15.pdf\"><b>Blockupy und die F<\/b><\/a><a class=\"download\" title=\"Initiates file download\" href=\"http:\/\/localhost:8888\/wernerraetz\/typo3\/fileadmin\/user_upload\/Aktivist\/Texte\/blockupy_interview_runbrief_April_15.pdf\"><b>olgen<\/b><\/a>, Interview Attac-Rundbrief April 2015<\/li>\n<li>Bericht vom<strong><a class=\"download\" title=\"Initiates file download\" href=\"http:\/\/localhost:8888\/wernerraetz\/typo3\/fileadmin\/user_upload\/Aktivist\/Texte\/Maribor_2015.pdf\">Treffen des B\u00fcndnisses Unconditional Baisc Income Europe<\/a><\/strong>\u00a0und des 2. slowenischen Grundeinkommenskonkgresses in Maribor, Slowenien, am 19.-22. M\u00e4rz 2015<\/li>\n<li><strong><a href=\"http:\/\/www.werner-raetz.de\/wp-content\/uploads\/2020\/07\/rede-berlin-20-juni.pdf\">Europa anders machen<\/a><\/strong> Rede anl\u00e4sslich der Demonstration gegen Austerit\u00e4tspolitik und europ\u00e4isches Krisenmanagement am 20.6.2015 in Berlin<\/li>\n<li><b>Niemand braucht einen\u00a0<a class=\"download\" title=\"Initiates file download\" href=\"http:\/\/localhost:8888\/wernerraetz\/typo3\/fileadmin\/user_upload\/Aktivist\/Texte\/block_15_distanz.pdf\">Lampenputzerladen<\/a><\/b>Diskussiosbeitrag zur Debatte um die Gewaltaktionen bei Blockupy 2015<\/li>\n<li><a class=\"download\" title=\"Initiates file download\" href=\"http:\/\/localhost:8888\/wernerraetz\/typo3\/fileadmin\/user_upload\/Aktivist\/Texte\/18nulldrei.pdf\"><b>18nulldrei &#8211; ich nehm mir frei!<\/b><\/a>\u00a0Attac Rundbrief 2\/2015 zur Blockupymobilisierung<\/li>\n<li><a href=\"https:\/\/www.welt.de\/regionales\/frankfurt\/article129393531\/Polizei-Kessel-bei-Blockupy-Demo-rechtmaessig.html\"><strong>Polizeikessel bei Blockupy-Demo rechtm\u00e4\u00dfig<\/strong><\/a>, Die Welt, 23.6.2014<\/li>\n<li><b>Die\u00a0<a class=\"download\" title=\"Initiates file download\" href=\"http:\/\/localhost:8888\/wernerraetz\/typo3\/fileadmin\/user_upload\/Aktivist\/Texte\/EBI_Bilanz_1_14.pdf\">Europ\u00e4ische B\u00fcrgerinitiative<\/a>\u00a0bedingungsloses Grundeinkommen ist abgeschlossen.\u00a0<\/b>Auswertungstext f\u00fcr die Attac-AG genug f\u00fc alle, Januar 2014<\/li>\n<li><b>Von der\u00a0<a class=\"download\" title=\"Initiates file download\" href=\"http:\/\/localhost:8888\/wernerraetz\/typo3\/fileadmin\/user_upload\/Aktivist\/Texte\/Luxemburg_Gebrauchswerte.pdf\">Zweifelhaftigkeit der Gebrauchswerte<\/a>\u00a0im Kapitalismus.<\/b>\u00a0Text f\u00fcr ein Arbeitsprojekt der\u00a0<a class=\"external-link-new-window\" title=\"Opens external link in new window\" href=\"http:\/\/kapacc.blog.rosalux.de\/2014\/03\/09\/werner-ratz-von-der-zweifelhaftigkeit-der-gebrauchswerte-im-kapitalismus\/\" target=\"_blank\" rel=\"noopener noreferrer\">Rosa-Luxemburg-Sitftung<\/a> anl\u00e4sslich des 100-j\u00e4hrigen Erscheinungsdatums vo Rosa Luxemburgs \u201eDie Akkumulation des Kapitals&#8220;. Aus Lxemburg\u00a0<i>\u00f6konomischer\u00a0<\/i>Analyse lassen sich &#8211; ganz in ihrem Sinne &#8211;\u00a0<i>politische<\/i>\u00a0Forderungen ableiten. Dezember 2013<\/li>\n<li><b><a class=\"download\" title=\"Initiates file download\" href=\"http:\/\/localhost:8888\/wernerraetz\/typo3\/fileadmin\/user_upload\/Aktivist\/Texte\/aktionsziel.pdf\">Aktionsziel\u00a0<\/a>ist das Rednerpult des Deutschen Bundestages!\u00a0<\/b>Kurzbeitrag zur Bundestagsbelagerung am 21.11.1983 anl\u00e4sslich der Debatte um die Raketenstationierung<b>.\u00a0<\/b>Erschienen im ND am 21.11.2013<\/li>\n<li><a class=\"download\" title=\"Initiates file download\" href=\"http:\/\/localhost:8888\/wernerraetz\/typo3\/fileadmin\/user_upload\/Aktivist\/Texte\/eurodividende.pdf\"><b>EU-weit 200 Euro f\u00fcr jedeN?<\/b><\/a>\u00a0Die Debatte um das Grundeinkommen spielte sich international lange in einem wissenschaftlichen Rahmen und damit jenseits der konkreten Fragen des politischen Alltags ab. Nun hat der BIEN-Gr\u00fcnder Philippe van Parijs, vorgeschlagen, jedem\/r in der Europ\u00e4ischen Union einen Betrag von 200 Euro bedingungslos zukommen zu lassen. Ein hoch problematischer Ansatz.<\/li>\n<li><b><a class=\"download\" title=\"Initiates file download\" href=\"http:\/\/localhost:8888\/wernerraetz\/typo3\/fileadmin\/user_upload\/Aktivist\/Texte\/EBI_-_warum.pdf\">Petition f\u00fcr Grundeinkommen &#8211; warum?<\/a><\/b>\u00a0Was n\u00fctzt die Unterzeichnung der Europ\u00e4ischen B\u00fcrgerinitiative &#8211; EBI &#8211; Grundeinkommen? Text f\u00fcr die Mobilisierungskampagne, August 2013.<\/li>\n<li><a href=\"https:\/\/www.faz.net\/aktuell\/rhein-main\/im-gespraech-werner-raetz-vom-blockupy-buendnis-die-frage-ist-wie-gewalt-definiert-wird-12197388.html\"><strong>\u201eDie Frage ist, wie Gewalt definiert wird.<\/strong><\/a>&#8220; Gespr\u00e4ch \u00fcber Blockupy mit der Frankfurter Allgemeinen Zeitung am 27.5.2013<\/li>\n<li><b><a class=\"download\" title=\"Initiates file download\" href=\"http:\/\/localhost:8888\/wernerraetz\/typo3\/fileadmin\/user_upload\/Aktivist\/Texte\/blockupy_2013_ff.pdf\">Blockupy: Auf dem Weg zur Europ\u00e4isierung<\/a><\/b>,\u00a0<a class=\"external-link-new-window\" title=\"Opens external link in new window\" href=\"http:\/\/www.friedenskooperative.de\/ff\/ff13\/4-00.htm\" target=\"_blank\" rel=\"noopener noreferrer\">Friedensforum\u00a0<\/a>4\/2013<\/li>\n<li><a class=\"download\" title=\"Initiates file download\" href=\"http:\/\/localhost:8888\/wernerraetz\/typo3\/fileadmin\/user_upload\/Aktivist\/Texte\/Blockupy_2013_rundbrief.pdf\"><b>Austerit\u00e4t t\u00f6tet<\/b><\/a>. Blockupy l\u00e4sst sich nicht mundtot machen, Attac-Rundbrief 3\/2013<\/li>\n<li><a class=\"download\" title=\"Initiates file download\" href=\"http:\/\/localhost:8888\/wernerraetz\/typo3\/fileadmin\/user_upload\/Aktivist\/Texte\/blockupy_interview_jw_8_6.pdf\"><b>Solidarit\u00e4sdemo Blockupy Frankfurt<\/b><\/a>\u00a0Interview junge welt<b>,\u00a0<\/b>8.6.2013\u00a0\u00a0<a class=\"external-link-new-window\" title=\"Opens external link in new window\" href=\"http:\/\/www.jungewelt.de\/2013\/06-08\/042.php\" target=\"_blank\" rel=\"noopener noreferrer\">Druckfassung jw<\/a><\/li>\n<li><a href=\"http:\/\/www.werner-raetz.de\/wp-content\/uploads\/2021\/01\/Blockupy-Frankfurt-2013.pdf\"><strong>Blockupy Frankfurt 2013<\/strong><\/a>, Interview mit Publik-Forum online, 22. Mai 2013<\/li>\n<li><a class=\"download\" title=\"Initiates file download\" href=\"http:\/\/localhost:8888\/wernerraetz\/typo3\/fileadmin\/user_upload\/Aktivist\/Texte\/Kirchen_und_Blockupy.pdf\"><b>Kirchen und Blockupy?<\/b><\/a>\u00a0Text f\u00fcr das Materialheft &#8222;solidarisch?&#8220; der \u00d6kumenischen FriedensDekade 2013 (Juni)<\/li>\n<li><b>Gegen das autorit\u00e4re europ\u00e4ische Krisenmanagement.\u00a0<\/b>Interview mit UZ vom 26.4.2013 zum aktuellen Stand der Blockupy-Mobilisierung\u00a0<a class=\"download\" title=\"Initiates file download\" href=\"http:\/\/localhost:8888\/wernerraetz\/typo3\/fileadmin\/user_upload\/Aktivist\/Texte\/UZ-Interview_April_13.pdf\">ungek\u00fcrzt\u00a0<\/a><a class=\"external-link-new-window\" title=\"Opens external link in new window\" href=\"http:\/\/www.unsere-zeit.de\/\" target=\"_blank\" rel=\"noopener noreferrer\">Druckfassung<\/a><\/li>\n<li><strong>\u201eZiviler Ungehorsam muss sich seine Themen immer erst langsam erobern.&#8220;<\/strong> Interview mit dem Infoladen Aschaffenburg zu<a class=\"download\" title=\"Initiates file download\" href=\"http:\/\/localhost:8888\/wernerraetz\/typo3\/fileadmin\/user_upload\/Aktivist\/Texte\/interview_blockupy_infoladen_aburg.pdf\">\u00a0Blockupy 2013<\/a>\u00a0siehe auch\u00a0<a class=\"external-link-new-window\" title=\"Opens external link in new window\" href=\"http:\/\/aburg.org\/node\/105\" target=\"_blank\" rel=\"noopener noreferrer\">http:\/\/aburg.org\/node\/105<\/a><\/li>\n<li><b><a class=\"download\" title=\"Initiates file download\" href=\"http:\/\/localhost:8888\/wernerraetz\/typo3\/fileadmin\/user_upload\/Aktivist\/Texte\/attac_und_ZU.pdf\">Wenn nichts mehr geht<\/a>.<\/b>\u00a0Ziviler Ungehorsam ist ein notwendiger Akt in einer lebendigen Demokratie. Diskussionsbeitrag im Attac-Rundbrief 1\/2013<\/li>\n<li>Peter Grottian fragte in einem taz-Komentar am 16.2.2013: \u201e<b>Hat Attac die Hosen voll?<\/b>&#8220; und meinte, dass Ziviler Ungehorsam eine gr\u00f6\u00dfere Rolle spielen solle. Aber\u00a0<a class=\"download\" title=\"Initiates file download\" href=\"http:\/\/localhost:8888\/wernerraetz\/typo3\/fileadmin\/user_upload\/Aktivist\/Texte\/offener_bief_zu.pdf\">der demoratische Springpunkt des Zivilem Ungehorsams<\/a>\u00a0ist sein Massencharakter. Offener Brief an Peter Grottian<\/li>\n<li><b>Blockupy Season Two\u00a0<\/b>Eine Bewegung gegen das autorit\u00e4re Krisenmanagement von Bundesregierung und Europ\u00e4ischer Union ist in Deutschland nie so recht in Gang gekommen. Die Blockupy-Aktionstage waren ein Versuch, eine Antwort auf diese Schwierigkeit zu finden.\u00a0aus: ak \u2013 analyse &amp; kritik \u2013 Zeitung f\u00fcr linke Debatte und Praxis<a class=\"external-link-new-window\" title=\"Opens external link in new window\" href=\"http:\/\/www.akweb.de\/ak_s\/ak579\/26.htm\" target=\"_blank\" rel=\"noopener noreferrer\">\u00a0Nr. 579<\/a>\u00a018.1.2013\u00a0<a class=\"download\" title=\"Initiates file download\" href=\"http:\/\/localhost:8888\/wernerraetz\/typo3\/fileadmin\/user_upload\/Aktivist\/Texte\/blockupy_2013_ak.pdf\">mehr<\/a><\/li>\n<li><b>Wo stehen wir auf dem Weg zu einem solidarischen Europa?<\/b>\u00a0Ein Ausblick. Was hat uns Blockupy 2012 gelehrt? Wie kann, wie soll, wie muss es jetzt weitergehen? Welche Rolle soll Attac in diesem Prozess zuk\u00fcnftig spielen? Aus: Attac, Blockupy, Dezember 2012\u00a0<a class=\"download\" title=\"Initiates file download\" href=\"http:\/\/localhost:8888\/wernerraetz\/typo3\/fileadmin\/user_upload\/Aktivist\/Texte\/werner-ausblick-red.pdf\">mehr<\/a><\/li>\n<li><b>Umverteilen und soziale Frage<\/b>. Die regierenden Eliten haben weltweit ihre grenzenlose Ausgabenpolitik zur Rettung der Banken in eine umfassende Spar- und Konsolidierungspolitik \u00fcberf\u00fchrt. Beitrag Attac-Brosch\u00fcre Umfairteilen, November 2012\u00a0\u00a0<a class=\"download\" title=\"Initiates file download\" href=\"http:\/\/localhost:8888\/wernerraetz\/typo3\/fileadmin\/user_upload\/Aktivist\/Texte\/Umverteilenbroschuere_Nov._2012.pdf\">mehr<\/a><\/li>\n<li>Der relative Erfolg der beiden B\u00fcndnisse <b>\u201eBlockupy&#8220; und \u201e<a href=\"http:\/\/umfairteilen.de\/\" target=\"_blank\" rel=\"noopener noreferrer\">UmFAIRteilen<\/a>&#8220;\u00a0<\/b>hat f\u00fcr\u00a0<a href=\"http:\/\/www.attac.de\/startseite\/?L=2\" target=\"_blank\" rel=\"noopener noreferrer\">Attac<\/a>\u00a0eine schwierige Situation geschaffen. Diskssionsbeitrag f\u00fcr\u00a0<a class=\"external-link-new-window\" title=\"Opens external link in new window\" href=\"http:\/\/www.neues-deutschland.de\/rubrik\/in-bewegung\" target=\"_blank\" rel=\"noopener noreferrer\">ND\u00a0<\/a>20.11.2012<\/li>\n<li>Von Mittwoch, dem 16. bis Samstag, dem 19. Mai 2012 wurde Frankfurt am Main in einer einzigartigen Kooperation von politischer Stadtspitze, Stadtverwaltung, Polizei und Justiz in eine\u00a0<strong><a href=\"http:\/\/www.werner-raetz.de\/wp-content\/uploads\/2021\/01\/deomstrationsfreie-zone.pdf\">demokratiefreie Zone<\/a><\/strong> verwandelt. Beitrag zum Blockupy-Buch von Attac, November 2012<\/li>\n<li><b>Blockupy muss weitergehen\u00a0<\/b>\u00a0Einsch\u00e4tzung von Blockupy Frankfurt, Mai 2012, Attac-Rundbrief 3\/12\u00a0\u00a0<a class=\"download\" title=\"Initiates file download\" href=\"http:\/\/localhost:8888\/wernerraetz\/typo3\/fileadmin\/user_upload\/Aktivist\/Texte\/blockupy_attac_rb_3_12.pdf\">mehr<\/a><\/li>\n<li><b>Ohne Bewegungsdynamik wird gar nichts laufen <\/b>Einsch\u00e4tzung zur Occupy-Mobilisierung, Oktober 2011, jungle world\u00a0\u00a0<a class=\"download\" title=\"Initiates file download\" href=\"http:\/\/localhost:8888\/wernerraetz\/typo3\/fileadmin\/user_upload\/Aktivist\/Texte\/bewegungsdynamik_occupie.pdf\">mehr<\/a><\/li>\n<li><a href=\"http:\/\/www.werner-raetz.de\/wp-content\/uploads\/2026\/03\/Positionsbestimmung-AG-gfa-2010.pdf\"><strong>Positionsbestimmung<\/strong><\/a> der AG &#8222;genug f\u00fcr alle&#8220; im Verh\u00e4ltnis zu anderen Bewegungen; Dezember 2010<\/li>\n<li><strong><a href=\"http:\/\/www.werner-raetz.de\/wp-content\/uploads\/2020\/12\/widerstand-als-breitensport.pdf\">Widerstand als Breitensport<\/a>.<\/strong> \u00dcber Zielsetzungen und Umsetzungsm\u00f6glichkeite von Blockadekonzepten, a&amp;k August 2010<\/li>\n<li><b>\u00a0Strategische Interventionsm\u00f6glichkeiten im Feld des Sozialen\/<a class=\"download\" title=\"Initiates file download\" href=\"http:\/\/localhost:8888\/wernerraetz\/typo3\/fileadmin\/user_upload\/Aktivist\/Texte\/Umverteilen_Dresden_2010.pdf\">Umverteilen<\/a><\/b>, Vortrag Attac Ratschlag 2010<\/li>\n<li><b>B\u00fcndnisse gegen scharfe soziale Eingriffe werden einfacher<\/b>. Diskussion mit Steffen Stierle \u00fcber die Situation nach der Bundestagswahl 2009, Attac-Rundbrief 4\/2009\u00a0\u00a0\u00a0<a class=\"download\" title=\"Initiates file download\" href=\"http:\/\/localhost:8888\/wernerraetz\/typo3\/fileadmin\/user_upload\/Aktivist\/Texte\/Wahl09_attac_lang.pdf\">mehr<\/a><\/li>\n<li><a href=\"https:\/\/www.linksnet.de\/artikel\/24426\"><strong>Dieses Mal wird gehandelt<\/strong><\/a>. \u00dcber die Ergebnisse des G20-Weltfinanzgipfels in London, a&amp;k April 2009<\/li>\n<li><a href=\"https:\/\/www.dw.com\/en\/werner-r%C3%A4tz\/a-2542758\"><strong>A personal look at globalization<\/strong><\/a>, Deutsche Welle 18.5.2007<\/li>\n<li><strong><a href=\"https:\/\/www.tagesspiegel.de\/politik\/nicht-fr-jeden-die-hand-ins-feuer-legen-attac-aktivist-rtz-ber-proteste-mit-bolzenschneidern-\/848212.html\">\u201eNicht f\u00fcr jeden die Hand ins Feuer legen<\/a>&#8222;.<\/strong> Attac-Aktivist R\u00e4tz \u00fcber Proteste mit Bolzenschneidern, die richtigen Themen der G8 und Merkels Populismus. Tagesspiele 13.5.2007<\/li>\n<li>\n<div class=\"lead\"><a href=\"https:\/\/jungle.world\/artikel\/2007\/06\/die-mitte-verschieben\"><strong>Die Mitte verschieben<\/strong><\/a>. Was die Proteste gegen den G\u20098-Gipfel mit K\u00e4mpfen um die unmittelbar vorliegenden Zwecke und Interessen zu tun haben. jungle world 7.2.2007<\/div>\n<\/li>\n<li>Auf der Plattform \u201eEmanzipation oder Barbarei&#8220; hat sich \u201eJuli&#8220; mit meinem Text und den dort aufgeworfenen Fragen auseinandergesetzt: <strong><a href=\"http:\/\/emanzipationoderbarbarei.blogsport.de\/2007\/02\/12\/vom-beiaen-abgrenzung-als-linker-pawlow\/\">\u201eVom Bei\u00dfen<\/a>: Abgrenzung als linker Pawlow<\/strong>&#8222;<\/li>\n<li><a href=\"https:\/\/archive.arranca.org\/ausgabe\/35\/offener-prozess\"><strong>Offener Prozess<\/strong><\/a>. Ein Gespr\u00e4ch mit der Interventionistischen Linken, arranca September 2006<\/li>\n<li><strong><a href=\"http:\/\/www.werner-raetz.de\/wp-content\/uploads\/2020\/12\/gfa-wiederaneignung-2004.pdf\">Einfach so &#8211; Rechte ohne Pflichten<\/a><\/strong>. Reflexionen zur Attac-Kampagne \u201ees ist genug f\u00fcr alle da&#8220;, arranca Juni 2004<\/li>\n<\/ul>\n<\/div>\n<\/div>\n","protected":false},"excerpt":{"rendered":"<p>Die Europ\u00e4ische B\u00fcrgerinitiative bedingungslose Grundeinkommen\u00a0macht weitere Fortschritte, wenn auch langsam. Newsletter Nr. 17 der AG genug f\u00fcr alle, Februar 2022 Aufbr\u00fcche, Schw\u00e4chen und neue Herausforderungen. Ab den 90er-Jahren und vor allem nach der Jahrtausendwende standen die globalisierungskritischen Bewegungen eine Zeitlang im Fokus des \u00f6ffentlichen und insbesondere des linken Interesses. Interview ila &#8211; Zeitschrift der Informationsstelle&#8230;<\/p>\n","protected":false},"author":2,"featured_media":0,"parent":89,"menu_order":0,"comment_status":"closed","ping_status":"closed","template":"","meta":{"footnotes":""},"class_list":["post-24","page","type-page","status-publish","hentry"],"_links":{"self":[{"href":"https:\/\/www.werner-raetz.de\/index.php?rest_route=\/wp\/v2\/pages\/24","targetHints":{"allow":["GET"]}}],"collection":[{"href":"https:\/\/www.werner-raetz.de\/index.php?rest_route=\/wp\/v2\/pages"}],"about":[{"href":"https:\/\/www.werner-raetz.de\/index.php?rest_route=\/wp\/v2\/types\/page"}],"author":[{"embeddable":true,"href":"https:\/\/www.werner-raetz.de\/index.php?rest_route=\/wp\/v2\/users\/2"}],"replies":[{"embeddable":true,"href":"https:\/\/www.werner-raetz.de\/index.php?rest_route=%2Fwp%2Fv2%2Fcomments&post=24"}],"version-history":[{"count":51,"href":"https:\/\/www.werner-raetz.de\/index.php?rest_route=\/wp\/v2\/pages\/24\/revisions"}],"predecessor-version":[{"id":4443,"href":"https:\/\/www.werner-raetz.de\/index.php?rest_route=\/wp\/v2\/pages\/24\/revisions\/4443"}],"up":[{"embeddable":true,"href":"https:\/\/www.werner-raetz.de\/index.php?rest_route=\/wp\/v2\/pages\/89"}],"wp:attachment":[{"href":"https:\/\/www.werner-raetz.de\/index.php?rest_route=%2Fwp%2Fv2%2Fmedia&parent=24"}],"curies":[{"name":"wp","href":"https:\/\/api.w.org\/{rel}","templated":true}]}}